{"id":22,"date":"2013-08-22T17:07:09","date_gmt":"2013-08-22T15:07:09","guid":{"rendered":"http:\/\/sebastiandiezig.com\/wordpress\/?page_id=22"},"modified":"2026-04-27T09:00:32","modified_gmt":"2026-04-27T07:00:32","slug":"repertoire","status":"publish","type":"page","link":"https:\/\/sebastiandiezig.com\/wordpress\/repertoire\/","title":{"rendered":"Repertoire"},"content":{"rendered":"\n<h6 class=\"wp-block-heading\" id=\"top\"><strong>(Auf dieser Seite&nbsp;nicht aufgef\u00fchrte Werke gerne auf&nbsp;<a title=\"Kontakt\/Bestellungen\" href=\"http:\/\/sebastiandiezig.com\/wordpress\/kontakt\/\">Anfrage<\/a>.)<\/strong><\/h6>\n\n\n\n<p><strong>Schnellauswahl:<\/strong> <a href=\"#violoncello_solo\">Violoncello solo<\/a> | <a href=\"#violoncello_und_klavier\">Violoncello + Klavier<\/a> | <a href=\"#violoncello_und_orchester\">Violoncello + Orchester<\/a> | <a href=\"#violoncello_und_gemischter_chor\">Violoncello + gemischter Chor<\/a> | <a href=\"#violoncello_und_blasorchester\">Violoncello + Blasorchester<\/a> | <a href=\"#streichquartett\">Streichquartett<\/a> | <a href=\"#streichquartett_und_harfe\">Streichquartett + Harfe<\/a> | <a href=\"#streichquartett_und_gitarre\">Steichquartett + Gitarre<\/a> | <a href=\"#streichquintett_mit_zwei_bratschen\">Streichquintett mit 2 Bratschen<\/a> | <a href=\"#klaviertrio\">Klaviertrio<\/a> | <a href=\"#klavierquartett\">Klavierquartett<\/a> | <a href=\"#klavierquintett\">Klavierquintett<\/a> | <a href=\"#streichquintett_mit_2_celli\">Streichquintett m. 2 Celli<\/a> | <a href=\"#streichtrio\">Streichtrio<\/a> | <a href=\"#streichquartett_und_klarinette\">Streichquartett + Klarinette<\/a> | <a href=\"#klarinettentrio\">Klarinettentrio (Klar, Cello, Klv<\/a>) | <a href=\"#celloduo\">Celloduo<\/a> | <a href=\"#duo_geige_cello\">Duo Geige + Cello<\/a> | <a href=\"#duo_bratsche_cello\">Duo Bratsche + Cello<\/a> | <a href=\"#trio_geige_cello_gitarre\">Trio Geige + Cello + Gitarre<\/a> | <a href=\"#quintett_fl\u00f6te_violine_bratsche_cello_harfe\">Quintett mit Fl\u00f6te, Violine, Bratsche, Cello und Harfe<\/a> | <a href=\"#cellooktett\">Cellooktett<\/a> | <a href=\"#streichtrio_und_fagott\">Streichtrio + Fagott<\/a> | <a href=\"#streichtrio_und_oboe\">Streichtrio + Oboe<\/a> | <a href=\"#trio_fl\u00f6te_cello_klavier\">Trio Klavier, Fl\u00f6te, Cello<\/a> | <a href=\"#klavier_fl\u00f6te_cello_mezzosopranistin\">Klavier, Fl\u00f6te, Cello und Mezzosopranistin<\/a> | <a href=\"#cello_orgel\">Cello + Orgel<\/a> | <a href=\"#andere_besetzungen\">Andere Besetzungen<\/a><\/p>\n\n\n\n<figure class=\"wp-block-image\"><img decoding=\"async\" src=\"http:\/\/sebastiandiezig.com\/Deutsch\/Resources\/cello.jpeg\" alt=\"Cello\"\/><\/figure>\n\n\n\n<p><\/p>\n\n\n\n<h3 class=\"wp-block-heading\">Violoncello solo<\/h3>\n\n\n\n<p>Bach, Suite Nr. 1 in G-Dur (~16min),<br>\nBach, Suite Nr. 2 in d-moll (~19min)<br>\nBach, Suite Nr. 3 in C-Dur (~20min)<br>\nBach, Suite Nr. 4 in Es-Dur (~22min<br>\nBach, Suite Nr. 5 in c-moll (24min)<br>\nBach, Suite Nr. 6 in D-Dur (~28min)<br>\nBerio, Les mots sont all\u00e9s (1979) (~4min)<br>\n<a href=\"http:\/\/sebastiandiezig.com\/wordpress\/audio-aufnahme-aus-der-britten-suite-op-72-g-dur\/\">Britten, Suite f\u00fcr Cello solo op. 72 G-Dur (1964)<\/a> (~25min)<br>\nCarter, Figment I for Thomas Demenga (1994) (~7min)<br>\nDiezig, Blues op. 1 (2012) (~2min)<br>\nDiezig, Solo Sonata op. 3 (2020) (~15min)<br>\nDiezig, Top Gun Variations op. 2 (2012) (~8min)<a href=\"http:\/\/www.youtube.com\/watch?v=RM5raULrV4A\" target=\"_parent\" rel=\"noopener noreferrer\"><br>\n<\/a>Dun Tan, Intercourse of fire and water (1994)<br>\nDutilleux, Trois Strophes sur le nom de Sacher (1976)(~10min)<br>\nKod\u00e1ly, Sonate op. 8 (1915) (~28min)<br>\nLutoslawski, Sacher-Variation (1975) (~4min)<br>\nPenderecki, Capriccio (1968) (~7min)<br>\nPiatti, Caprices <a href=\"http:\/\/sebastiandiezig.com\/wordpress\/das-piatti-projekt-caprice-nr-1-von-12\/\">No. 1<\/a>&nbsp;(~2min), <a href=\"http:\/\/sebastiandiezig.com\/wordpress\/das-piatti-projekt-caprice-nr-2-von-12\/\">No. 2<\/a> (~6min), <a href=\"http:\/\/sebastiandiezig.com\/wordpress\/das-piatti-projekt-caprice-nr-3-von-12-2\/\">No. 3<\/a> (~3min), <a href=\"http:\/\/sebastiandiezig.com\/wordpress\/das-piatti-projekt-caprice-nr-4-von-12\/\">No. 4<\/a> (~ 5min), <a href=\"http:\/\/sebastiandiezig.com\/wordpress\/das-piatti-projekt-caprice-nr-5-von-12\/\">No. 5<\/a> (~ 4min), <a href=\"http:\/\/sebastiandiezig.com\/wordpress\/das-piatti-projekt-caprice-nr-6-von-12\/\">No. 6<\/a> (~5 min), <a href=\"http:\/\/sebastiandiezig.com\/wordpress\/das-piatti-projekt-caprice-nr-7-von-12\/\">No. 7<\/a> (~4min), &nbsp;<a href=\"http:\/\/sebastiandiezig.com\/wordpress\/das-piatti-projekt-caprice-nr-8-von-12\/\">No. 8<\/a>(~3min), <a href=\"http:\/\/sebastiandiezig.com\/wordpress\/das-piatti-projekt-caprice-nr-9-von-12\/\">No. 9<\/a>(~2min), <a href=\"http:\/\/sebastiandiezig.com\/wordpress\/das-piatti-projekt-caprice-nr-10-von-12\/\">No. 10<\/a> (~4min), <a href=\"http:\/\/sebastiandiezig.com\/wordpress\/das-piatti-projekt-caprice-nr-11-von-12\/\">No. 11<\/a> (~4min),&nbsp;<a href=\"http:\/\/sebastiandiezig.com\/wordpress\/das-piatti-projekt-caprice-nr-12-von-12-der-abschluss-mit-kleinem-ruckblick\/\">No. 12<\/a>&nbsp;(~5min)<br>\nSollima, La Folia (2007) (~7min)<a href=\"http:\/\/www.youtube.com\/watch?v=P4p5hcX8BnQ\" target=\"_parent\" rel=\"noopener noreferrer\"><br>\n<\/a>Veress, Sonate f\u00fcr Cello solo (1967) (~15min)<br>\nZimmermann, Vier kurze Studien (1970) (~3min)<\/p>\n\n\n\n<p><strong>Zugaben:<\/strong><\/p>\n\n\n\n<p>Diezig: Blues op. 1 (2007) (~3min)<\/p>\n\n\n\n<p><a href=\"#top\">\u2206 Zum Seitenanfang gehen<\/a><\/p>\n\n\n\n<hr class=\"wp-block-separator has-alpha-channel-opacity\"\/>\n\n\n\n<figure class=\"wp-block-image\"><img decoding=\"async\" src=\"http:\/\/sebastiandiezig.com\/Deutsch\/Resources\/cello.jpeg\" alt=\"Cello1\"\/><\/figure>\n\n\n\n<figure class=\"wp-block-image\"><img decoding=\"async\" src=\"http:\/\/sebastiandiezig.com\/Deutsch\/Resources\/pianoa.jpeg\" alt=\"piano\"\/><\/figure>\n\n\n\n<p><\/p>\n\n\n\n<h3 class=\"wp-block-heading\">Violoncello + Klavier<\/h3>\n\n\n\n<p>Bach, Gambensonate Nrn. 1 (~13min), 2 (~15min), 3 (~14min)<br> Bach, Arioso aus Kantate BWV 156 (~4min)<br> Beethoven, 7 Variationen \u00fcber das Thema &#8220;Bei M\u00e4nnern, welche Liebe f\u00fchlen&#8221; aus Mozarts &#8220;Zauberfl\u00f6te&#8221; (~11min)<br> Beethoven, Sonate Nr. 1 in F-Dur op. 5 No. 1 (~25min)<br> Beethoven, Sonate Nr. 3 in A-Dur op. 69 (~28min)<br> <a href=\"http:\/\/sebastiandiezig.com\/wordpress\/audio-aufnahme-beethoven-sonate-in-c-dur-op-102-nr-1\/\">Beethoven, Sonate Nr. 4 in C-Dur op. 102 No. 1<\/a> (~15min)<br> Beethoven, Sonate Nr. 5 in D-Dur op. 102 No. 2 (~20min)<br> Boccherini, Sonata No. III in Sol (~11min)<br>Boulanger, Lili, Deux Pi\u00e8ces (~5min)<br> Brahms, Sonate in e-moll op. 38 (~28min)<br> <a href=\"http:\/\/sebastiandiezig.com\/wordpress\/aufnahme-brahms-sonate-f-dur-op-99-1-satz\/\">Brahms, Sonate in F-Dur op. 99<\/a> (~30min)<br> Casals: Le Chant des Oiseaux (~3min)<br> Debussy, Sonate (~11min)<br> Demenga Thomas, New York Honk (1987) (~5min)<a href=\"http:\/\/www.youtube.com\/watch?v=WojesDthqhA\" target=\"_parent\" rel=\"noopener noreferrer\"><br> <\/a>Faur\u00e9, Elegie c-moll op. 24 (~7min)<br> Faur\u00e9: Papillon (~3min)<br> Grieg, Sonate op. 36 (~30min)<br> Jan\u00e1cek, Poh\u00e1dka (~12min)<br> Koechlin, Sonate op. 66 (~12min)<a href=\"http:\/\/www.youtube.com\/watch?v=EF3x80I8hwE\" target=\"_parent\" rel=\"noopener noreferrer\"><br> <\/a>Martinu, Rossini-Variationen (~9min)<br> Massenet, M\u00e9ditation de Tha\u00efs (~5min)<br> Mendelssohn: Lied ohne Worte op. 109 (~4min)<br> Rachmaninov, Sonate f\u00fcr Cello und Klavier op. 19 (~37min)<br> Saint-Sa\u00ebns, Cellosonate c-moll op. 32 (~21min)<br> Saint-Sa\u00ebns: Schwan (~3min)<br> <a href=\"http:\/\/sebastiandiezig.com\/wordpress\/video-schubert-arpeggione-mit-orchester\/\">Schubert, Arpeggione<\/a> (~26min)<br> Schubert: Ave Maria (~5min)<br> Schumann, Fantasiest\u00fccke op. 73c (~12min)<br> Schumann, Adagio und Allegro op. 70 (~10min)<br> Schumann: Tr\u00e4umerei op. 15 (~3min)<br> Strawinsky, Suite Italienne (~17min<\/p>\n\n\n\n<p><a href=\"#top\">\u2206 Zum Seitenanfang gehen<\/a><\/p>\n\n\n\n<hr class=\"wp-block-separator has-alpha-channel-opacity\"\/>\n\n\n\n<figure class=\"wp-block-image\"><img decoding=\"async\" src=\"http:\/\/sebastiandiezig.com\/Deutsch\/Resources\/sebastiandiezigs.jpeg\" alt=\"Sebastian Diezig als Solist\"\/><\/figure>\n\n\n\n<p><\/p>\n\n\n\n<h3 class=\"wp-block-heading\">Violoncello + Orchester<\/h3>\n\n\n\n<p>Carl Philipp Emanuel: Cellokonzert A-Dur Wq 172 (~20min)<br>\nBruch, Kol Nidrei (~13min)<br>\nBoccherini, Cellokonzert Nr. 3 in G-Dur (Gendron) (~18min)<br>\nBottesini,&nbsp;Duo concertant sur le th\u00e8me des Puritains (Cello, Kontrabass und Orchester) (~14min)<br>\nBrahms, Doppelkonzert f\u00fcr Violine und Violoncello in a-moll op. 102 (~35min)<br>\nCaplet, Andr\u00e9, &#8220;Epiphanie&#8221; (1923) (~21min)<br>\n<a href=\"http:\/\/sebastiandiezig.com\/wordpress\/video-antonin-dvorak-cello-concerto-live-in-concert-ovufianosdiezig\/\">Dvorak, Cellokonzert<\/a> (~42min)<br>\nElgar, Cellokonzert (~31min)<br>\nGlazunow, Le chant du m\u00e9nestrel (~5min)<br>\nHaydn, Cellokonzert C-Dur (~23min)<a href=\"http:\/\/www.youtube.com\/watch?v=PCExOIkF7eE\" target=\"_parent\" rel=\"noopener noreferrer\"><br>\n<\/a>Haydn, Cellokonzert D-Dur (~23min)<br>\nKhatchaturian, Cellokonzert (~36min)<br>\nKorngold, Cellokonzert&nbsp; (~14min)<br>\nLalo, Cellokonzert (~27min)<br>\n<a href=\"http:\/\/sebastiandiezig.com\/wordpress\/live-audioaufnahme-saint-saens-cellokonzert\/\">Saint-Sa\u00ebns, 1. Cellokonzert a-moll<\/a> (~19min)<br>\n<a href=\"http:\/\/sebastiandiezig.com\/wordpress\/video-schubert-arpeggione-mit-orchester\/\">Schubert, Arpeggione arrangiert f\u00fcr Cello und Streichorchester von Heinrich Klug <\/a>(~23min)<br>\n<a href=\"http:\/\/sebastiandiezig.com\/wordpress\/live-audioaufnahme-schumann-cellokonzert\/\">Schumann, Cellokonzert a-moll<\/a> (~23min)<br>\n<span style=\"line-height: 1.5em;\">Strauss, Don Quixote (~42min)<br>\n<\/span>Tschaikovsky, Rokoko-Variationen (~18min)<br>\n<a href=\"http:\/\/sebastiandiezig.com\/wordpress\/video-vivaldi-doppelkonzert-diezigfluelerkapsopoulosojf\/\">Vivaldi Cello-Doppelkonzert g-moll RV531<\/a> (~11min)<\/p>\n\n\n\n<p><a href=\"#top\">\u2206 Zum Seitenanfang gehen<\/a><\/p>\n\n\n\n<hr class=\"wp-block-separator has-alpha-channel-opacity\"\/>\n\n\n\n<figure class=\"wp-block-image\"><img decoding=\"async\" src=\"http:\/\/sebastiandiezig.com\/Deutsch\/Resources\/cello.jpeg\" alt=\"Cello2\"\/><\/figure>\n\n\n\n<figure class=\"wp-block-image\"><img decoding=\"async\" src=\"http:\/\/sebastiandiezig.com\/Deutsch\/Resources\/chora.jpeg\" alt=\"Chor\"\/><\/figure>\n\n\n\n<p><\/p>\n\n\n\n<h3 class=\"wp-block-heading\" id=\"violoncello_und_gemischter_chor\">Violoncello + gemischter Chor<\/h3>\n\n\n\n<p>Knut Nystedt, Stabat mater op. 111 (~16min)<\/p>\n\n\n\n<p><a href=\"#top\">\u2206 Zum Seitenanfang gehen<\/a><\/p>\n\n\n\n<hr class=\"wp-block-separator has-alpha-channel-opacity\"\/>\n\n\n\n<figure class=\"wp-block-image\"><img decoding=\"async\" src=\"http:\/\/sebastiandiezig.com\/Deutsch\/Resources\/cello.jpeg\" alt=\"Cello3\"\/><\/figure>\n\n\n\n<figure class=\"wp-block-image\"><img decoding=\"async\" src=\"http:\/\/sebastiandiezig.com\/Deutsch\/Resources\/swissarmyconcert.jpeg\" alt=\"SwissArmyConcertBand\"\/><\/figure>\n\n\n\n<p><\/p>\n\n\n\n<h3 class=\"wp-block-heading\" id=\"violoncello_und_blasorchester\">Violoncello + Blasorchester<\/h3>\n\n\n\n<p>Johan de Meij, Konzert f\u00fcr Cello und Blasorchester &#8220;Casanova&#8221; (~27min)<br>\nFriedrich Gulda, Konzert f\u00fcr Cello und Blasorchester (~31min)<\/p>\n\n\n\n<p><a href=\"#top\">\u2206 Zum Seitenanfang gehen<\/a><\/p>\n\n\n\n<hr class=\"wp-block-separator has-alpha-channel-opacity\"\/>\n\n\n\n<figure class=\"wp-block-image\"><img decoding=\"async\" src=\"http:\/\/sebastiandiezig.com\/Deutsch\/Resources\/quartetofstrings.jpeg\" alt=\"quartetofstrings1\"\/><\/figure>\n\n\n\n<p><\/p>\n\n\n\n<h3 class=\"wp-block-heading\" id=\"streichquartett\">Kammermusik: Streichquartett<\/h3>\n\n\n\n<p>Bartok: Streichquartett Nr. 1 Sz 40 (1908) (~31 min)<br>\nBartok: Streichquartett Nr. 3 ( ~ 32 min)<br>\n<a href=\"http:\/\/sebastiandiezig.com\/wordpress\/live-audio-aufnahme-beethoven-streichquartett-op-18-nr-4-in-c-moll\/\">Beethoven: Streichquartett op. 18 Nr. 4 c-moll<\/a>&nbsp;( ~ 23 min)<br>\nBeethoven: Streichquartett Nr. 7 op. 59 Nr. 1 in F-Dur &#8220;Rasumovsky&#8221; (~42 min)<br>\nBeethoven: Streichquartett op. 95 Nr. 11 f-moll (~ 16 min)<br>\nBeethoven: Streichquartett Nr. 15 in a-moll op. 132 (~46 min)<br>\nBoccherini: Streichquartett in D Dur Op. 52, No.2 ( ~ ? min)<br>\nBrahms:&nbsp;Johannes Brahms: Streichquartett Nr. 1 in c-moll op. 51 ( ~ 31 min)<br>\nBrahms: Streichquartett Nr. 2 in a-moll op. 51 ( ~ 35 min)<br>\nBrahms: Streichquartett Nr. 3 in B-Dur op. 67 ( ~ 32 min)<br>\nDebussy: Streichquartett in g-moll op. 10 (1893) (~ 25 min)<br>\nDvorak: Streichquartett in F-Dur op. 96 &#8220;Amerikanisches&#8221; (~ 26 min)<br>\nHaydn: Streichquartett Op. 77 Nr. 1 &#8220;Komplimentier-Quartett&#8221; (~ 25 min)<br>\nHaydn: Streichquartett Op. 33, 2 in Es-Dur &#8220;Scherz-Quartett&#8221; (~ 18 min)<br>\nHaydn: Die 7 letzten Worte <span class=\"style-scope yt-formatted-string\" dir=\"auto\">Hob.XX:1 (1785)<\/span> (~ 70min)<br>\nHindemith: Streichquartett Nr. 7 in Es-Dur ( ~ 17 min)<br>\nJan\u00e1cek: Streichquartett Nr. 2 &#8220;Intime Briefe&#8221; (~ 26 min)<br>\nKorngold: Streichquartett Nr. 3 in D-Dur (~26min)<br>\nMatthus, Siegfried: Streichquartett &#8220;Das M\u00e4dchen und der Tod&#8221; (1997) ( ~ ? min)<br>\n<a href=\"http:\/\/sebastiandiezig.com\/wordpress\/live-audio-aufnahme-mendelssohn-streichquartett-op-44-nr-2-in-e-moll\/\">Mendelssohn: Streichquartett op. 44 Nr.2 in e-moll <\/a>( ~ 30 min)<br>\nM\u00fcller, Fabian: Streichquartett Nr. 2 &#8220;Das Helvetische&#8221; (~15 min)<br>\nMozart: Divertimento in D, KV 136 (~15 min)<br>\nMozart: Streichquartett Nr. 15 in d-moll, KV 421 (417b) (~27 min)<br>\nMozart, Streichquartett Nr. 23 in C-Dur, KV 590 &#8220;Preussisches Nr. 3&#8221; ( ~ 24 min)<br>\nPuccini: Crisantemi ( ~ 7 min)<br>\nRavel: Streichquartett F-Dur ( ~ 28 min)<br>\nSchubert: Streichquartett Nr. 4 in C-Dur D. 46 ( ~ 22 min)<br>\nSchubert: Streichquartett Nr. 12 c-moll \u201cQuartettsatz\u201d (D703) ( ~ 9 min)<br>\nSchubert: Streichquartett Nr. 14 d-moll &#8220;Der Tod und das M\u00e4dchen&#8221; (D810) ( ~ 36 min)<br>\nSchumann: Streichquartett Nr. 3 a-moll Op. 41\/3 (~ 31 min)<br>\nTschaikowsky: Streichquartett Nr. 1 D-Dur op. 11 (~ 32 min)<br>\nTschaikowsky: Streichquartett Nr. 3 op. 30 in es-moll ( ~ 38 min)<br>\nVerdi: Streichquartett e-moll ( ~ 24 min)<br>\nWolf: Italienische Serenade in G-Dur (1887)&nbsp;<img loading=\"lazy\" decoding=\"async\" src=\"http:\/\/sebastiandiezig.com\/Deutsch\/Resources\/item1a.gif\" alt=\"item1j1b1\" width=\"16\" height=\"16\"><a href=\"http:\/\/www.youtube.com\/watch?v=8_0zZEDZwNE\" target=\"_parent\" rel=\"noopener noreferrer\">&nbsp;Youtube&#8230;<\/a>&nbsp;( ~ 9 min)<\/p>\n\n\n\n<p><a href=\"#top\">\u2206 Zum Seitenanfang gehen<\/a><\/p>\n\n\n\n<hr class=\"wp-block-separator has-alpha-channel-opacity\"\/>\n\n\n\n<figure class=\"wp-block-image\"><img decoding=\"async\" src=\"http:\/\/sebastiandiezig.com\/Deutsch\/Resources\/quartetofstringsb.jpeg\" alt=\"quartetofstrings1a\"\/><\/figure>\n\n\n\n<figure class=\"wp-block-image\"><img decoding=\"async\" src=\"http:\/\/sebastiandiezig.com\/Deutsch\/Resources\/harfe.jpeg\" alt=\"harfe\"\/><\/figure>\n\n\n\n<p><\/p>\n\n\n\n<h3 class=\"wp-block-heading\" id=\"streichquartett_und_harfe\">Kammermusik: Streichquartett plus&nbsp;Harfe<\/h3>\n\n\n\n<p>Caplet: Conte fantastique d&#8217;apr\u00e8s Edgar Allen Poe &#8220;Le masque de la Mort rouge&#8221;<\/p>\n\n\n\n<p><a href=\"#top\">\u2206 Zum Seitenanfang gehen<\/a><\/p>\n\n\n\n<hr class=\"wp-block-separator has-alpha-channel-opacity\"\/>\n\n\n\n<figure class=\"wp-block-image\"><img decoding=\"async\" src=\"http:\/\/sebastiandiezig.com\/Deutsch\/Resources\/quartetofstringsb.jpeg\" alt=\"quartetofstrings1a\"\/><\/figure>\n\n\n\n<figure class=\"wp-block-image\"><img decoding=\"async\" src=\"http:\/\/sebastiandiezig.com\/Deutsch\/Resources\/gitarre.jpeg\" alt=\"Gitarre\"\/><\/figure>\n\n\n\n<p><\/p>\n\n\n\n<h3 class=\"wp-block-heading\" id=\"streichquartett_und_gitarre\">Kammermusik: Streichquartett plus Gitarre<\/h3>\n\n\n\n<p>Boccherini: Quintett No. 4 in D-Dur, G. 448 f\u00fcr Gitarre und Streichquartett&nbsp;<img loading=\"lazy\" decoding=\"async\" src=\"http:\/\/sebastiandiezig.com\/Deutsch\/Resources\/item1a.gif\" alt=\"item1i1\" width=\"16\" height=\"16\">&nbsp;<a href=\"http:\/\/www.youtube.com\/watch?v=7jAjDOCxP5E\" target=\"_parent\" rel=\"noopener noreferrer\">Youtube&#8230;<br>\n<\/a>Castelnuovo-Tedesco: Quintett op. 143 (1950) f\u00fcr Gitarre und Streichquartett&nbsp;<img loading=\"lazy\" decoding=\"async\" src=\"http:\/\/sebastiandiezig.com\/Deutsch\/Resources\/item1a.gif\" alt=\"item1i2\" width=\"16\" height=\"16\">&nbsp;<a href=\"http:\/\/www.youtube.com\/watch?v=nvpUwUxEkD4\" target=\"_parent\" rel=\"noopener noreferrer\">Youtube&#8230;<\/a><\/p>\n\n\n\n<p><a href=\"#top\">\u2206 Zum Seitenanfang gehen<\/a><\/p>\n\n\n\n<hr class=\"wp-block-separator has-alpha-channel-opacity\"\/>\n\n\n\n<figure class=\"wp-block-image\"><a href=\"http:\/\/sebastiandiezig.com\/wordpress\/wp-content\/uploads\/2013\/08\/iStock_streichquartett.jpg\"><img loading=\"lazy\" decoding=\"async\" width=\"150\" height=\"150\" src=\"http:\/\/sebastiandiezig.com\/wordpress\/wp-content\/uploads\/2013\/08\/iStock_streichquartett-150x150.jpg\" alt=\"Streichquartett\" class=\"wp-image-1100\" srcset=\"https:\/\/sebastiandiezig.com\/wordpress\/wp-content\/uploads\/2013\/08\/iStock_streichquartett-150x150.jpg 150w, https:\/\/sebastiandiezig.com\/wordpress\/wp-content\/uploads\/2013\/08\/iStock_streichquartett-100x100.jpg 100w\" sizes=\"auto, (max-width: 150px) 100vw, 150px\" \/><\/a><\/figure>\n\n\n\n<figure class=\"wp-block-image\"><a href=\"http:\/\/sebastiandiezig.com\/wordpress\/wp-content\/uploads\/2013\/08\/instrument.png\"><img loading=\"lazy\" decoding=\"async\" width=\"150\" height=\"150\" src=\"http:\/\/sebastiandiezig.com\/wordpress\/wp-content\/uploads\/2013\/08\/instrument-150x150.png\" alt=\"bratsche\" class=\"wp-image-1099\" srcset=\"https:\/\/sebastiandiezig.com\/wordpress\/wp-content\/uploads\/2013\/08\/instrument-150x150.png 150w, https:\/\/sebastiandiezig.com\/wordpress\/wp-content\/uploads\/2013\/08\/instrument-100x100.png 100w\" sizes=\"auto, (max-width: 150px) 100vw, 150px\" \/><\/a><\/figure>\n\n\n\n<p><\/p>\n\n\n\n<h3 class=\"wp-block-heading\" id=\"streichquintett_mit_zwei_bratschen\">Kammermusik: Streichquintett mit 2 Bratschen<\/h3>\n\n\n\n<p>Johannes Brahms: Streichquintett Nr. 2 in G-Dur op. 111 (\u201cPrater\u201d)<br>\nDvorak: Streichquintett in Es-Dur op. 97 &#8220;Amerikanisches&#8221; (~ 34 min)<br>\n<a style=\"line-height: 1.5;\" href=\"http:\/\/sebastiandiezig.com\/wordpress\/live-audio-aufnahmen-alle-sechs-mozart-streichquintette\/\">Mozart: Streichquintett Nr.1, in B-Dur, KV 174 (1773)<br>\n<\/a><a style=\"line-height: 1.5;\" href=\"http:\/\/sebastiandiezig.com\/wordpress\/live-audio-aufnahmen-alle-sechs-mozart-streichquintette\/\">Mozart: Streichquintett Nr.2, c-Moll KV 406 (1782)&nbsp;nach neuen Erkenntnissen Fr\u00fchjahr 1787 (KV 516b), Arrangement der Bl\u00e4serserenade KV 388)<br>\n<\/a><a style=\"line-height: 1.5;\" href=\"http:\/\/sebastiandiezig.com\/wordpress\/live-audio-aufnahmen-alle-sechs-mozart-streichquintette\/\">Mozart: Streichquintett Nr.3, C-Dur, KV 515 (1787)<br>\n<\/a><a style=\"line-height: 1.5;\" href=\"http:\/\/sebastiandiezig.com\/wordpress\/live-audio-aufnahmen-alle-sechs-mozart-streichquintette\/\">Mozart: Streichquintett Nr.4, g-Moll, KV 516 (1787)<br>\n<\/a><a style=\"line-height: 1.5;\" href=\"http:\/\/sebastiandiezig.com\/wordpress\/live-audio-aufnahmen-alle-sechs-mozart-streichquintette\/\">Mozart: Streichquintett Nr.5, D-Dur, KV 593 (1790)<br>\n<\/a><a style=\"line-height: 1.5;\" href=\"http:\/\/sebastiandiezig.com\/wordpress\/live-audio-aufnahmen-alle-sechs-mozart-streichquintette\/\">Mozart: Streichquintett Nr.6, Es-Dur, KV&nbsp;614 (1791)<\/a><\/p>\n\n\n\n<p><a href=\"#top\">\u2206 Zum Seitenanfang gehen<\/a><\/p>\n\n\n\n<hr class=\"wp-block-separator has-alpha-channel-opacity\"\/>\n\n\n\n<figure class=\"wp-block-image\"><img decoding=\"async\" src=\"http:\/\/sebastiandiezig.com\/Deutsch\/Resources\/violina.jpeg\" alt=\"Geige\"\/><\/figure>\n\n\n\n<figure class=\"wp-block-image\"><img decoding=\"async\" src=\"http:\/\/sebastiandiezig.com\/Deutsch\/Resources\/cello.jpeg\" alt=\"Cello4\"\/><\/figure>\n\n\n\n<figure class=\"wp-block-image\"><img decoding=\"async\" src=\"http:\/\/sebastiandiezig.com\/Deutsch\/Resources\/pianoa.jpeg\" alt=\"piano1\"\/><\/figure>\n\n\n\n<p><\/p>\n\n\n\n<h3 class=\"wp-block-heading\" id=\"klaviertrio\">Kammermusik: Klaviertrio<\/h3>\n\n\n\n<p>Arensky: Klaviertrio op. 32 Nr. 1 in d-moll<br> Beethoven: Klaviertrio &#8220;Geistertrio&#8221; op. 70 Nr. 1 in D-Dur (~25min)<br> Brahms: Klaviertrio op. 8 Nr. 1 in H-Dur<br> Brahms: Klaviertrio Nr. 2 in C-Dur op. 87<br> Brahms: Klaviertrio Nr. 3 op. 101 in c-moll<br> Faur\u00e9: Klaviertrio op. 120 in d-moll<br> Lattion, Olivier: Moonphase Trio (2019)<br> LeClair: Sonate Nr. 8<a href=\"http:\/\/www.youtube.com\/watch?v=26dYcDryUSc\"><br> <\/a>Luk\u00e1\u0161: B\u00f6hmisches Trio<br>Martin: Trio \u00fcber irische Volkslieder (~16min)<a href=\"http:\/\/www.youtube.com\/watch?v=26dYcDryUSc\"><br> <\/a>Martinu: Klaviertrio\u00a0in d-moll<br> Mendelssohn: Klaviertrio Nr. 1 d-moll<br> Ravel: Klaviertrio in a-moll (1914)<br> Schostakowitsch: Klaviertrio Nr. 1 c-Moll op. 8 (1923)<br> Schubert: Klaviertrio Nr. 1 B-Dur D898 (1827) ~41min<br> Schubert: Klaviertrio Nr. 2 Es-Dur D929 (~44min)<a href=\"https:\/\/www.youtube.com\/watch?v=aTlWX5eoU3o\"><br> <\/a>Schubert: Klaviertrio &#8220;Sonate&#8221; B-Dur D28 (1812) ~12min<br> Suk: Elegie<br> Suk:Klaviertrio Nr. 2 in c-moll<\/p>\n\n\n\n<p><a href=\"#top\">\u2206 Zum Seitenanfang gehen<\/a><\/p>\n\n\n\n<hr class=\"wp-block-separator has-alpha-channel-opacity\"\/>\n\n\n\n<figure class=\"wp-block-image\"><img decoding=\"async\" src=\"http:\/\/sebastiandiezig.com\/Deutsch\/Resources\/instruments1.jpeg\" alt=\"instruments1\"\/><\/figure>\n\n\n\n<figure class=\"wp-block-image\"><img decoding=\"async\" src=\"http:\/\/sebastiandiezig.com\/Deutsch\/Resources\/pianoa.jpeg\" alt=\"piano1a\"\/><\/figure>\n\n\n\n<p><\/p>\n\n\n\n<h3 class=\"wp-block-heading\" id=\"klavierquartett\">Kammermusik: Klavierquartett<\/h3>\n\n\n\n<p>Mahler: Klavierquartett a-Moll (~13min)<br>\nMartinu: Klavierquartett Nr.1 d-Moll H. 287 (1942) (~29min)<br>\nMozart: Klavierquartett g-Moll KV 478 (~25min)<br>\nMozart: Klavierquartett Es-Dur KV493 (~20min)<\/p>\n\n\n\n<p><a href=\"#top\">\u2206 Zum Seitenanfang gehen<\/a><\/p>\n\n\n\n<hr class=\"wp-block-separator has-alpha-channel-opacity\"\/>\n\n\n\n<figure class=\"wp-block-image\"><img decoding=\"async\" src=\"http:\/\/sebastiandiezig.com\/Deutsch\/Resources\/quartetofstrings.jpeg\" alt=\"quartetofstrings\"\/><\/figure>\n\n\n\n<figure class=\"wp-block-image\"><img decoding=\"async\" src=\"http:\/\/sebastiandiezig.com\/Deutsch\/Resources\/piano.jpeg\" alt=\"piano2\"\/><\/figure>\n\n\n\n<p><\/p>\n\n\n\n<h3 class=\"wp-block-heading\" id=\"klavierquintett\">Kammermusik: Klavierquintett<\/h3>\n\n\n\n<p>Dvorak: Klavierquintett op. 81 in A-Dur<br>\nBrahms: Klavierquintett op. 37 in f-moll (~43min)<\/p>\n\n\n\n<p><a href=\"#top\">\u2206 Zum Seitenanfang gehen<\/a><\/p>\n\n\n\n<hr class=\"wp-block-separator has-alpha-channel-opacity\"\/>\n\n\n\n<figure class=\"wp-block-image\"><img decoding=\"async\" src=\"http:\/\/sebastiandiezig.com\/Deutsch\/Resources\/quartetofstringsa.jpeg\" alt=\"quartetofstrings2\"\/><\/figure>\n\n\n\n<figure class=\"wp-block-image\"><img decoding=\"async\" src=\"http:\/\/sebastiandiezig.com\/Deutsch\/Resources\/cello.jpeg\" alt=\"Cello4a\"\/><\/figure>\n\n\n\n<p><\/p>\n\n\n\n<h3 class=\"wp-block-heading\" id=\"streichquintett_mit_2_celli\">Kammermusik: Streichquintett m. 2 Celli<\/h3>\n\n\n\n<p>Schubert: Streichquintett C-Dur D956 (~53min)<br>\n<a href=\"http:\/\/sebastiandiezig.com\/wordpress\/live-video-kreutzer-sonate-in-seltener-streichquartett-version\/\">Beethoven: Kreutzersonate bearbeitet f\u00fcr Streichquintett<\/a> (~47min)<\/p>\n\n\n\n<p><a href=\"#top\">\u2206 Zum Seitenanfang gehen<\/a><\/p>\n\n\n\n<hr class=\"wp-block-separator has-alpha-channel-opacity\"\/>\n\n\n\n<figure class=\"wp-block-image\"><img decoding=\"async\" src=\"http:\/\/sebastiandiezig.com\/Deutsch\/Resources\/instruments.jpeg\" alt=\"instruments\"\/><\/figure>\n\n\n\n<p><\/p>\n\n\n\n<h3 class=\"wp-block-heading\" id=\"streichtrio\">Kammermusik: Streichtrio<\/h3>\n\n\n\n<p>Bach: Goldberg-Variationen f\u00fcr Streichtrio in G-Dur<br>\nBeethoven: Streichtrio op. 9 Nr. 2 D-Dur (~25min)<br>\nDvorak: Miniaturen op. 75a arrangiert f\u00fcr Streichtrio (~17min)<br>\nMozart: Streichtrio &#8220;Divertimento&#8221; in Es-Dur KV 563 (~45min)<br>\nPaganini-Gerhart: Caprice Nr. 24 (~4min)<\/p>\n\n\n\n<p><a href=\"#top\">\u2206 Zum Seitenanfang gehen<\/a><\/p>\n\n\n\n<hr class=\"wp-block-separator has-alpha-channel-opacity\"\/>\n\n\n\n<figure class=\"wp-block-image\"><img decoding=\"async\" src=\"http:\/\/sebastiandiezig.com\/Deutsch\/Resources\/clarinet.jpeg\" alt=\"clarinet\"\/><\/figure>\n\n\n\n<figure class=\"wp-block-image\"><img decoding=\"async\" src=\"http:\/\/sebastiandiezig.com\/Deutsch\/Resources\/quartetofstringsa.jpeg\" alt=\"quartetofstrings2\"\/><\/figure>\n\n\n\n<p><\/p>\n\n\n\n<h3 class=\"wp-block-heading\" id=\"streichquartett_und_klarinette\">Kammermusik:&nbsp;Streichquartett plus Klarinette<\/h3>\n\n\n\n<p>Brahms Klarinettenquintett in b-moll op. 115<\/p>\n\n\n\n<p><a href=\"#top\">\u2206 Zum Seitenanfang gehen<\/a><\/p>\n\n\n\n<hr class=\"wp-block-separator has-alpha-channel-opacity\"\/>\n\n\n\n<figure class=\"wp-block-image\"><img decoding=\"async\" src=\"http:\/\/sebastiandiezig.com\/Deutsch\/Resources\/clarinet.jpeg\" alt=\"clarinet\"\/><\/figure>\n\n\n\n<figure class=\"wp-block-image\"><img decoding=\"async\" src=\"http:\/\/sebastiandiezig.com\/Deutsch\/Resources\/cello.jpeg\" alt=\"Cello5\"\/><\/figure>\n\n\n\n<figure class=\"wp-block-image\"><img decoding=\"async\" src=\"http:\/\/sebastiandiezig.com\/Deutsch\/Resources\/pianoa.jpeg\" alt=\"piano3\"\/><\/figure>\n\n\n\n<p><\/p>\n\n\n\n<h3 class=\"wp-block-heading\" id=\"klarinettentrio\">Kammermusik: Trio mit Klarinette<\/h3>\n\n\n\n<p>Brahms: Klarinettentrio op. 114 in a-moll&nbsp;(~26min)<\/p>\n\n\n\n<p><a href=\"#top\">\u2206 Zum Seitenanfang gehen<\/a><\/p>\n\n\n\n<hr class=\"wp-block-separator has-alpha-channel-opacity\"\/>\n\n\n\n<figure class=\"wp-block-image\"><img decoding=\"async\" src=\"http:\/\/sebastiandiezig.com\/Deutsch\/Resources\/cello.jpeg\" alt=\"Cello5a\"\/><\/figure>\n\n\n\n<figure class=\"wp-block-image\"><img decoding=\"async\" src=\"http:\/\/sebastiandiezig.com\/Deutsch\/Resources\/cello.jpeg\" alt=\"Cello5a1\"\/><\/figure>\n\n\n\n<p><\/p>\n\n\n\n<h3 class=\"wp-block-heading\" id=\"celloduo\">Kammermusik: 2 Celli<\/h3>\n\n\n\n<p>Barri\u00e8re: Sonata X in G-Dur (~10min)<br>\nJesse, Joachim: Celloduos<\/p>\n\n\n\n<p><a href=\"#top\">\u2206 Zum Seitenanfang gehen<\/a><\/p>\n\n\n\n<hr class=\"wp-block-separator has-alpha-channel-opacity\"\/>\n\n\n\n<figure class=\"wp-block-image\"><img decoding=\"async\" src=\"http:\/\/sebastiandiezig.com\/Deutsch\/Resources\/violina.jpeg\" alt=\"Geige\"\/><\/figure>\n\n\n\n<figure class=\"wp-block-image\"><img decoding=\"async\" src=\"http:\/\/sebastiandiezig.com\/Deutsch\/Resources\/cello.jpeg\" alt=\"Cello5a1a\"\/><\/figure>\n\n\n\n<p><\/p>\n\n\n\n<h3 class=\"wp-block-heading\" id=\"duo_geige_cello\">Kammermusik: Geige + Cello<\/h3>\n\n\n\n<p>Beethoven, Duo Nr. 3&nbsp;<span id=\"eow-title\" class=\"watch-title \" dir=\"ltr\" title=\"Ludwig van Beethoven - WoO 27:3 - Duo no 3 in B flat major for clarinet &amp; bassoon\">WoO 27:3 in B-Dur&nbsp;<\/span>f\u00fcr Violine und Violoncello (original f\u00fcr Klarinette&nbsp;und Fagott) (~11min)<br>Diezig: Duo &#8220;Dreamy&#8221; (8min(?))<br>Dotzauer: Konzertantes Duo \u00fcber Themen von Rossinis Wilhelm Tell, op. 124 (~13min)<br>Gli\u00e8re: Acht St\u00fccke op. 39 (~18min)<br>H\u00e4ndel-Halvorsen: Passacaglia (~6min)<br>Haydn: Duo f\u00fcr Violine und Cello &nbsp;in D-Dur Hob VI:D1<br>Kodaly: Duo op. 7 (~26min)<br>Mozart: Duett Nr. 1 in G-Dur KV 423 (~17min)<br>Paganini: Duetto No. I in Es-Dur (~10min)<br> Ravel: Sonate f\u00fcr Violine und Cello (~22min)<\/p>\n\n\n\n<p><a href=\"#top\">\u2206 Zum Seitenanfang gehen<\/a><\/p>\n\n\n\n<hr class=\"wp-block-separator has-alpha-channel-opacity\"\/>\n\n\n\n<h3 class=\"wp-block-heading\"><figure><img loading=\"lazy\" decoding=\"async\" src=\"http:\/\/sebastiandiezig.com\/Deutsch\/Resources\/violina.jpeg\" alt=\"Geige\" width=\"73\" height=\"46\"><\/figure><figure><img loading=\"lazy\" decoding=\"async\" src=\"http:\/\/sebastiandiezig.com\/Deutsch\/Resources\/cello.jpeg\" alt=\"Cello5a1a\" width=\"71\" height=\"46\"><\/figure><\/h3>\n\n\n\n<h3 class=\"wp-block-heading\" id=\"duo_bratsche_cello\">Kammermusik: Bratsche&nbsp;+ Cello<\/h3>\n\n\n\n<p>Beethoven: Duett mit zwei obligaten Augengl\u00e4sern in Es-Dur, WoO 32 (~9min)<br>\nHindemith: Duett f\u00fcr Bratsche und Cello (1934) (~4min)<br>\nLutoslawski: \u201cBukoliki\u201d f\u00fcr Viola und Cello (~7min)<\/p>\n\n\n\n<p><a href=\"#top\">\u2206 Zum Seitenanfang gehen<\/a><\/p>\n\n\n\n<hr class=\"wp-block-separator has-alpha-channel-opacity\"\/>\n\n\n\n<figure class=\"wp-block-image\"><img decoding=\"async\" src=\"http:\/\/sebastiandiezig.com\/Deutsch\/Resources\/violina.jpeg\" alt=\"Geige\"\/><\/figure>\n\n\n\n<figure class=\"wp-block-image\"><img decoding=\"async\" src=\"http:\/\/sebastiandiezig.com\/Deutsch\/Resources\/cello.jpeg\" alt=\"Cello5a1a1\"\/><\/figure>\n\n\n\n<figure class=\"wp-block-image\"><img decoding=\"async\" src=\"http:\/\/sebastiandiezig.com\/Deutsch\/Resources\/gitarre1.jpeg\" alt=\"Gitarre1\"\/><\/figure>\n\n\n\n<p><\/p>\n\n\n\n<h3 class=\"wp-block-heading\" id=\"trio_geige_cello_gitarre\">Kammermusik: Geige + Cello + Gitarre<\/h3>\n\n\n\n<p>Giuliani: Serenata in A-Dur, op. 19 f\u00fcr Gitarre, Violine und Violoncello&nbsp;<img loading=\"lazy\" decoding=\"async\" src=\"http:\/\/sebastiandiezig.com\/Deutsch\/Resources\/item1a.gif\" alt=\"item1j1b\" width=\"16\" height=\"16\"><a href=\"http:\/\/www.youtube.com\/watch?v=dlYenG7pldI\" target=\"_parent\" rel=\"noopener noreferrer\">&nbsp;Youtube&#8230;<\/a><\/p>\n\n\n\n<p><a href=\"#top\">\u2206 Zum Seitenanfang gehen<\/a><\/p>\n\n\n\n<hr class=\"wp-block-separator has-alpha-channel-opacity\"\/>\n\n\n\n<figure class=\"wp-block-image\"><img decoding=\"async\" src=\"http:\/\/sebastiandiezig.com\/Deutsch\/Resources\/floete.jpeg\" alt=\"floete\"\/><\/figure>\n\n\n\n<figure class=\"wp-block-image\"><img decoding=\"async\" src=\"http:\/\/sebastiandiezig.com\/Deutsch\/Resources\/instruments2.jpeg\" alt=\"instruments2\"\/><\/figure>\n\n\n\n<figure class=\"wp-block-image\"><img decoding=\"async\" src=\"http:\/\/sebastiandiezig.com\/Deutsch\/Resources\/harfe.jpeg\" alt=\"harfe\"\/><\/figure>\n\n\n\n<p><\/p>\n\n\n\n<h3 class=\"wp-block-heading\" id=\"quintett_fl\u00f6te_violine_bratsche_cello_harfe\">Kammermusik: Quintett mit Fl\u00f6te, Violine, Bratsche, Cello und Harfe<\/h3>\n\n\n\n<p>Gabriel Piern\u00e9 (1863 \u2013 1937): Variations libres et finale op. 51<br>\nAlbert Roussel (1869 \u2013 1937): S\u00e9r\u00e9nade op. 30 (1925)<br>\nMarcel Tournier (1879 \u2013 1951): Suite op. 34 (ed. 1929)<br>\nCharles Koechlin (1867 \u2013 1950): Primavera op. 156 (1949)<\/p>\n\n\n\n<p><a href=\"#top\">\u2206 Zum Seitenanfang gehen<\/a><\/p>\n\n\n\n<hr class=\"wp-block-separator has-alpha-channel-opacity\"\/>\n\n\n\n<figure class=\"wp-block-image\"><img decoding=\"async\" src=\"http:\/\/sebastiandiezig.com\/Deutsch\/Resources\/cello.jpeg\" alt=\"Cello5a2\"\/><\/figure>\n\n\n\n<figure class=\"wp-block-image\"><img decoding=\"async\" src=\"http:\/\/sebastiandiezig.com\/Deutsch\/Resources\/cello.jpeg\" alt=\"Cello5a1b\"\/><\/figure>\n\n\n\n<figure class=\"wp-block-image\"><img decoding=\"async\" src=\"http:\/\/sebastiandiezig.com\/Deutsch\/Resources\/cello.jpeg\" alt=\"Cello5a2a\"\/><\/figure>\n\n\n\n<figure class=\"wp-block-image\"><img decoding=\"async\" src=\"http:\/\/sebastiandiezig.com\/Deutsch\/Resources\/cello.jpeg\" alt=\"Cello5a1b1\"\/><\/figure>\n\n\n\n<figure class=\"wp-block-image\"><img decoding=\"async\" src=\"http:\/\/sebastiandiezig.com\/Deutsch\/Resources\/cello.jpeg\" alt=\"Cello5a2b\"\/><\/figure>\n\n\n\n<figure class=\"wp-block-image\"><img decoding=\"async\" src=\"http:\/\/sebastiandiezig.com\/Deutsch\/Resources\/cello.jpeg\" alt=\"Cello5a1b2\"\/><\/figure>\n\n\n\n<figure class=\"wp-block-image\"><img decoding=\"async\" src=\"http:\/\/sebastiandiezig.com\/Deutsch\/Resources\/cello.jpeg\" alt=\"Cello5a2c\"\/><\/figure>\n\n\n\n<figure class=\"wp-block-image\"><img decoding=\"async\" src=\"http:\/\/sebastiandiezig.com\/Deutsch\/Resources\/cello.jpeg\" alt=\"Cello5a1b3\"\/><\/figure>\n\n\n\n<p><\/p>\n\n\n\n<h3 class=\"wp-block-heading\" id=\"cellooktett\">Kammermusik: 8 Celli<\/h3>\n\n\n\n<p>Hostettler: Automnales<br>\nPiazzolla-Arrengements (Muerte del Angel, Oblivion, Libertango, Adios Nonino)<br>\nTschaikowsky: Nussknacker-Suite (Arr. Lehel Donat)<br>\nVilla-Lobos: Bachiana Brasileira No. 1<br>\nVilla-Lobos: Bachiana Brasielira No. 5<\/p>\n\n\n\n<p><a href=\"#top\">\u2206 Zum Seitenanfang gehen<\/a><\/p>\n\n\n\n<hr class=\"wp-block-separator has-alpha-channel-opacity\"\/>\n\n\n\n<h3 class=\"wp-block-heading\" id=\"streichtrio_und_fagott\">Kammermusik:&nbsp;Streichtrio + Fagott:<\/h3>\n\n\n\n<p>Fran\u00e7ois Devienne (1759-1803):&nbsp;Quartett in g-Moll op. 73\/3 f\u00fcr Fagott und Streichtrio<\/p>\n\n\n\n<p><a href=\"#top\">\u2206 Zum Seitenanfang gehen<\/a><\/p>\n\n\n\n<hr class=\"wp-block-separator has-alpha-channel-opacity\"\/>\n\n\n\n<h3 class=\"wp-block-heading\" id=\"streichtrio_und_oboe\">Kammermusik:&nbsp;Streichtrio + Oboe:<\/h3>\n\n\n\n<p>Wolfgang Amadeus Mozart (1756-1791): Quartett in F-Dur KV 370 f\u00fcr Oboe und Streichtrio<\/p>\n\n\n\n<p><a href=\"#top\">\u2206 Zum Seitenanfang gehen<\/a><\/p>\n\n\n\n<hr class=\"wp-block-separator has-alpha-channel-opacity\"\/>\n\n\n\n<h3 class=\"wp-block-heading\" id=\"trio_fl\u00f6te_cello_klavier\">Kammermusik: Klavier, Fl\u00f6te und Cello:<\/h3>\n\n\n\n<p>Jean Fran\u00e7aix Trio (18\u2019)<br>\nNikolai Kapustin: Trio op. 86<br>\nCharles Lefebvre: Ballade op.37 (5\u2019)<\/p>\n\n\n\n<p><a href=\"#top\">\u2206 Zum Seitenanfang gehen<\/a><\/p>\n\n\n\n<hr class=\"wp-block-separator has-alpha-channel-opacity\"\/>\n\n\n\n<h3 class=\"wp-block-heading\" id=\"klavier_fl\u00f6te_cello_mezzosopranistin\">Kammermusik: Klavier, Fl\u00f6te, Cello und Mezzospranistin:<\/h3>\n\n\n\n<p>Maurice Ravel: Chansons Mad\u00e9casses (14\u2019)<\/p>\n\n\n\n<p><a href=\"#top\">\u2206 Zum Seitenanfang gehen<\/a><\/p>\n\n\n\n<hr class=\"wp-block-separator has-alpha-channel-opacity\"\/>\n\n\n\n<h3 class=\"wp-block-heading\" id=\"cello_orgel\">Cello + Orgel<\/h3>\n\n\n\n<p>Josef Gabriel Rheinberger: Drei St\u00fccke aus op. 150 (12&#8242;)<\/p>\n\n\n\n<p><a href=\"#top\">\u2206 Zum Seitenanfang gehen<\/a><\/p>\n\n\n\n<hr class=\"wp-block-separator has-alpha-channel-opacity\"\/>\n\n\n\n<h3 class=\"wp-block-heading\" id=\"andere_besetzungen\">Andere Besetzungen<\/h3>\n\n\n\n<p>Dvorak: Streichquintett op. 77 (Steichquartett + Kontrabass, ~33min)<br> Ernst Levy: Streichquintett in c-moll (2 Vln, 2 Vla, Vc, Kb)<br> Spohr: Trio f\u00fcr Harfe, Violine und Violoncello in f-moll (1806) (Hrf, Vln, Vc)<br> Richard Strauss: Metamorphosen f. Streichseptett (2 Vln, 2 Vla, 2 Vc, Kb)<br>Tschaikowsky: Souvenir de Florence (Streichsextett) (~36min)<\/p>\n\n\n\n<p><a href=\"#top\">\u2206 Zum Seitenanfang gehen<\/a><\/p>\n","protected":false},"excerpt":{"rendered":"<p>(Auf dieser Seite&nbsp;nicht aufgef\u00fchrte Werke gerne auf&nbsp;Anfrage.) Schnellauswahl: Violoncello solo | Violoncello + Klavier | Violoncello + Orchester | Violoncello + gemischter Chor | Violoncello + Blasorchester | Streichquartett | Streichquartett + Harfe | Steichquartett + Gitarre | Streichquintett mit 2 Bratschen | Klaviertrio | Klavierquartett | Klavierquintett | Streichquintett m. 2 Celli | Streichtrio [&hellip;]<\/p>\n","protected":false},"author":1,"featured_media":1598,"parent":0,"menu_order":0,"comment_status":"open","ping_status":"open","template":"","meta":{"footnotes":""},"class_list":["post-22","page","type-page","status-publish","has-post-thumbnail","hentry"],"jetpack_sharing_enabled":true,"_links":{"self":[{"href":"https:\/\/sebastiandiezig.com\/wordpress\/wp-json\/wp\/v2\/pages\/22","targetHints":{"allow":["GET"]}}],"collection":[{"href":"https:\/\/sebastiandiezig.com\/wordpress\/wp-json\/wp\/v2\/pages"}],"about":[{"href":"https:\/\/sebastiandiezig.com\/wordpress\/wp-json\/wp\/v2\/types\/page"}],"author":[{"embeddable":true,"href":"https:\/\/sebastiandiezig.com\/wordpress\/wp-json\/wp\/v2\/users\/1"}],"replies":[{"embeddable":true,"href":"https:\/\/sebastiandiezig.com\/wordpress\/wp-json\/wp\/v2\/comments?post=22"}],"version-history":[{"count":96,"href":"https:\/\/sebastiandiezig.com\/wordpress\/wp-json\/wp\/v2\/pages\/22\/revisions"}],"predecessor-version":[{"id":4844,"href":"https:\/\/sebastiandiezig.com\/wordpress\/wp-json\/wp\/v2\/pages\/22\/revisions\/4844"}],"wp:featuredmedia":[{"embeddable":true,"href":"https:\/\/sebastiandiezig.com\/wordpress\/wp-json\/wp\/v2\/media\/1598"}],"wp:attachment":[{"href":"https:\/\/sebastiandiezig.com\/wordpress\/wp-json\/wp\/v2\/media?parent=22"}],"curies":[{"name":"wp","href":"https:\/\/api.w.org\/{rel}","templated":true}]}}